{"id":1332,"date":"2024-12-30T21:12:30","date_gmt":"2024-12-30T19:12:30","guid":{"rendered":"https:\/\/congresogeogebra.org\/?page_id=1332"},"modified":"2025-04-21T12:24:40","modified_gmt":"2025-04-21T10:24:40","slug":"previous-editions","status":"publish","type":"page","link":"https:\/\/congresogeogebra.org\/index.php\/en\/previous-editions\/","title":{"rendered":"I CIG"},"content":{"rendered":"\n<p class=\"has-text-align-center\"><strong><a href=\"https:\/\/congresogeogebra.org\/actas\/Actas%20I%20Congreso%20internacional%20GeoGebra%202023.pdf\">Proceedings of the 1st International GeoGebra Congress<\/a><\/strong><\/p>\n\n\n\n<p><a href=\"http:\/\/www.geogebra.org\">GeoGebra<\/a>, since its creation by&nbsp;<strong>Markus Hohenwarter<\/strong>, is known and used by millions of users worldwide who create and publish materials through the Web. In this&nbsp; international conference, new classroom experiences, tools and researchs on how to use it as a&nbsp; teaching resource at different educational levels and in different countries will be shared.<\/p>\n\n\n\n<p>The principal objective of this congress that will be hold in the<br>city of C\u00f3rdoba (Spain) is to show, through conferences, workshops and<br>communications, that Geogebra can promote a methodological change in teaching.<\/p>\n\n\n\n<figure class=\"wp-block-table\"><table><tbody><tr><td><img loading=\"lazy\" src=\"http:\/\/congresogeogebra.org\/wp-content\/uploads\/2023\/03\/OEI_marca_rgb-300x195.png\" alt=\"\" srcset=\"https:\/\/congresogeogebra.org\/wp-content\/uploads\/2023\/03\/OEI_marca_rgb-300x195.png 300w, https:\/\/congresogeogebra.org\/wp-content\/uploads\/2023\/03\/OEI_marca_rgb-1024x665.png 1024w, https:\/\/congresogeogebra.org\/wp-content\/uploads\/2023\/03\/OEI_marca_rgb-768x499.png 768w, https:\/\/congresogeogebra.org\/wp-content\/uploads\/2023\/03\/OEI_marca_rgb-1536x998.png 1536w, https:\/\/congresogeogebra.org\/wp-content\/uploads\/2023\/03\/OEI_marca_rgb-2048x1331.png 2048w\" width=\"300\" height=\"195\"><\/td><td><a href=\"https:\/\/www.oei.es\/\" target=\"_blank\" rel=\"noreferrer noopener\">Organizaci\u00f3n de Estados Iberoamericanos (OEI)<\/a><\/td><td><img src=\"http:\/\/congresogeogebra.org\/wp-content\/uploads\/2023\/03\/uco.png\" alt=\"\" width=\"300\"><\/td><td><a href=\"http:\/\/www.uco.es\/\" target=\"_blank\" rel=\"noreferrer noopener\">Universidad de C\u00f3rdoba<\/a><\/td><\/tr><\/tbody><\/table><\/figure>\n\n\n\n<p class=\"has-medium-font-size\"><strong>THEMATIC GROUPS<\/strong><\/p>\n\n\n\n<ol><li><strong>GeoGebra in the teaching and learning of Mathematics in the different modalities and educational levels<\/strong><br>This thematic group will include communications and workshops that present experiences and reflections on the use of GeoGebra in the classroom.<\/li><li><strong>GeoGebra and research.<\/strong><br>Thematic group will be dedicated to studies or research work whether qualitative or quantitative around GeoGebra or its use in mathematical education.<\/li><li><strong>GeoGebra in teacher training in Mathematics.<\/strong><br>This thematic group will include all aspects related to teacher training, both specific to GeoGebra, and its integration into other aspects of teacher training in mathematics.<\/li><li><strong>GeoGebra in STEAM<\/strong><br>Experiences and educational proposals that address the use of GeoGebra as another resource in other areas or in STEM or STEAM projects will be acepted as submisions to this thematic group.<\/li><li><strong>The future of GeoGebra<\/strong><br>All aspects related to the future that users demand for this software will be included in this thematic group, namely, the use of GeoGebra in augmented reality, artificial intelligence, automatic demonstration, etc.<\/li><li><strong>GeoGebra in other fields not necessarily related to teaching.<\/strong><br>Clearly, the use of GeoGebra goes beyond the educational field, so this nucleus will collect all the actions related to the use of GeoGebra in other fields, such as scientific dissemination, mathematical tourism, 3D printing for fields such as medicine, engineering, design, etc.<\/li><\/ol>\n\n\n\n<p class=\"has-medium-font-size\"><strong>Work modalities<\/strong><\/p>\n\n\n\n<p><strong>Submissioned works may follow one of the following modalities:<\/strong><\/p>\n\n\n\n<p><strong>Short Communication (CB)<\/strong><br>In twenty minutes, the author will be able to present his work, an experience or a research report (completed or ongoing), followed by five minutes to answer any questions from the attendees.<\/p>\n\n\n\n<p><strong>P\u00f3ster (P)<\/strong><br>The size of the Poster must be A0 (width of 841 mm and height of 1189 mm), with a clear visualization of the text and graphics, being legible from a distance of one meter.<\/p>\n\n\n\n<p><strong>In the communications and in the posters, a maximum of 4 authors or authors will be admitted, and to be definitively accepted, 50% of them must be registered in the congress.<\/strong><\/p>\n\n\n\n<p>The works presented will be adjusted to one of the thematic groups indicated above and to one of the following educational levels:&nbsp;<\/p>\n\n\n\n<p><strong>Educational levels<\/strong><\/p>\n\n\n\n<ol><li>Kindergarten (3 to 5 years old) and Primary (6 to 11 years old)<\/li><li>Middle or Secondary (12 to 15 years old) and Tertiary or Baccalaureate (16 to 18 years old) and Vocational Training.<\/li><li>University.<\/li><\/ol>\n\n\n\n<p class=\"has-medium-font-size\"><strong>Work Submission Rules<\/strong><\/p>\n\n\n\n<ul><li>The deadline for submission of papers ends on July 15, 2023.<\/li><li>The acceptance of the works presented by the scientific committee will be carried out by the organization before July 31, 2023.<\/li><li>The maximum number of authors that can sign a work will be four.<\/li><li>The authors will have until September 15 of 2023 to pay the registration fee, if they have not done so in advance.<\/li><li>For the definitive acceptance of a work it will be necessary that at least half of the authors of the authors are registered in the congress (if the work is signed by three authors, at least two must be registered in the congress).<\/li><\/ul>\n\n\n\n<p>Authors in the communication and poster modality may send for evaluation by the scientific committee a summary or extended summary, with a minimum of 250 words and a maximum of four pages.<\/p>\n\n\n\n<p>Papers must be submitted in Spanish, English or Portuguese.<\/p>\n\n\n\n<p>Once the congress has been held, the accepted papers may be published in the minutes, if the author wishes, for which they will send the final text, in accordance with the characteristics of the file established in the following model&nbsp;<a href=\"https:\/\/congresogeogebra.org\/wp-content\/uploads\/2023\/03\/plantillaGG2023.doc\"><strong>click here<\/strong><\/a>, taking into account the following aspects:<\/p>\n\n\n\n<ul><li>Graphics or illustrations: inserted in the body of the work in the corresponding place.<\/li><li>References: they will be specified at the end of the work (not exceeding 8 total pages). They will be sorted alphabetically by last name of the authors, following the APA format (<a href=\"https:\/\/normas-apa.org\/wp-content\/uploads\/Guia-Normas-APA-7ma-edicion.pdf\">version 7<\/a>).<\/li><\/ul>\n\n\n\n<p>The works in modalities, workshop and short communication, will have to be described in an eight page paper (references included).<\/p>\n\n\n\n<p>The minutes will be published online with their corresponding ISBN number.<\/p>\n\n\n\n<p><strong>Jobs may not weigh more than 10 MB<\/strong><\/p>\n\n\n\n<p class=\"has-medium-font-size\"><strong>Work presentation<\/strong><\/p>\n\n\n\n<p>Teachers and students of any educational level and researchers are invited to present their work at this International GeoGebra Congress.<br>Both the proposals for communications and for the poster will be sent, with a minimum of 250 words and a maximum of four pages, according to the presentation template that can be downloaded at the following link:<\/p>\n\n\n\n<p><a href=\"https:\/\/congresogeogebra.org\/wp-content\/uploads\/2023\/03\/plantillaGG2023.doc\"><strong>Work presentation template<\/strong><\/a><\/p>\n\n\n\n<p>The works (communications or posters) will be sent to&nbsp;<a href=\"mailto:geogebra@fespm.es\">geogebra@fespm.es<\/a><\/p>\n\n\n\n<p>The authors of the posters accepted by the scientific committee must present them at the congress in A0 format (841 mm wide and 1189 mm high), with a clear visualization of the text and graphics in a way that can be readable from one meter away .<\/p>\n\n\n\n<p>The authors of the communications accepted by the scientific committee that, once celebrated, the congress wants to publish them in the minutes, will tend to send the complete version of the same.<\/p>\n\n\n\n<p class=\"has-medium-font-size\"><strong>Scientific Committee<\/strong><\/p>\n\n\n\n<figure class=\"wp-block-table\"><table><tbody><tr><td><strong>Tom\u00e1s Recio Mu\u00f1iz<\/strong><br><strong>(Presidente)<\/strong><\/td><td>Universidad Antonio de Nebrija (Madrid) \/ Instituto GeoGebra de Cantabria<\/td><td>Espa\u00f1a<\/td><\/tr><tr><td><strong>Jos\u00e9 Mar\u00eda Chac\u00f3n \u00cd\u00f1igo (Secretario)<\/strong><\/td><td>Instituto GeoGebra de Andaluc\u00eda \/ SAEM THALES<\/td><td>Espa\u00f1a<\/td><\/tr><tr><td><strong>Natividad Adamuz Povedano<\/strong><\/td><td>Universidad de C\u00f3rdoba<\/td><td>Espa\u00f1a<\/td><\/tr><tr><td><strong>Roxana Auccahuallpa Fern\u00e1ndez<\/strong><\/td><td>Universidad Nacional de Educaci\u00f3n \u2013 UNAE<\/td><td>Ecuador<\/td><\/tr><tr><td><strong>Jaime Carvalho e Silva<\/strong><\/td><td>Universidade de Coimbra<\/td><td>Portugal<\/td><\/tr><tr><td><strong>Jos\u00e9 Antonio Mora S\u00e1nchez<\/strong><\/td><td>Instituto GeoGebra de la Comunidad Valenciana<\/td><td>Espa\u00f1a<\/td><\/tr><tr><td><strong>M\u00aa. Cristina Naya Riveiro<\/strong><\/td><td>Universidade da Coru\u00f1a<\/td><td>Espa\u00f1a<\/td><\/tr><tr><td><strong>Cecilia Alba Russo C\u00e1ceres<\/strong><\/td><td>Johannes Kepler University (JKU)<\/td><td>Uruguay<\/td><\/tr><tr><td><strong>Enrique de la Torre Fern\u00e1ndez<\/strong><\/td><td>Universidade da Coru\u00f1a<\/td><td>Espa\u00f1a<\/td><\/tr><\/tbody><\/table><\/figure>\n\n\n\n<p class=\"has-medium-font-size\"><strong>Organizer Committee<\/strong><\/p>\n\n\n\n<figure class=\"wp-block-table\"><table><tbody><tr><td>Agust\u00edn Carrillo de Albornoz Torres (Presidente)<\/td><td>Federaci\u00f3n Espa\u00f1ola de Sociedades de Profesores de Matem\u00e1ticas<\/td><\/tr><tr><td>Bienvenido Espinar Cepas<\/td><td>Federaci\u00f3n Espa\u00f1ola de Sociedades de Profesores de Matem\u00e1ticas<\/td><\/tr><tr><td>Encarnaci\u00f3n Amaro Parrado<\/td><td>Federaci\u00f3n Espa\u00f1ola de Sociedades de Profesores de Matem\u00e1ticas<\/td><\/tr><tr><td>Francisco Espa\u00f1a P\u00e9rez<\/td><td>Sociedad Andaluza de Educaci\u00f3n Matem\u00e1tica Thales<\/td><\/tr><tr><td>Francisco Haro Laguardia<\/td><td>Sociedad Andaluza de Educaci\u00f3n Matem\u00e1tica Thales<\/td><\/tr><tr><td>Juan Antonio Reyes Delgado<\/td><td>Sociedad Andaluza de Educaci\u00f3n Matem\u00e1tica Thales<\/td><\/tr><tr><td>Juan Carlos Toscano Grimaldi<\/td><td>Federaci\u00f3n Espa\u00f1ola de Sociedades de Profesores de Matem\u00e1ticas<\/td><\/tr><tr><td>Juana Mar\u00eda Navas Pleguezuelos<\/td><td>Federaci\u00f3n Espa\u00f1ola de Sociedades de Profesores de Matem\u00e1ticas<\/td><\/tr><\/tbody><\/table><\/figure>\n\n\n\n<p class=\"has-medium-font-size\"><strong>Program<\/strong><\/p>\n\n\n\n<p class=\"has-medium-font-size\"><strong>Schedule<\/strong><\/p>\n\n\n\n<figure class=\"wp-block-table\"><table><tbody><tr><td><strong>TIME<\/strong><\/td><td><strong>November 9 <\/strong><\/td><td><strong><strong>November <\/strong>10<\/strong><\/td><td><strong>November 11<\/strong><\/td><td><strong>November 12<\/strong><\/td><\/tr><tr><td><strong>9,00<\/strong><\/td><td>&nbsp;<\/td><td><strong>Conference<\/strong>&nbsp; <br>&nbsp;<em>Jos\u00e9 Manuel Arranz<\/em> &nbsp;<br> \u201cGeoGebra y los tres problemas cl\u00e1sicos\u201d &nbsp;<br><br><em>Diego Lieb\u00e1n<\/em> &nbsp;<br>\u201cGeoGebra para el desarrollo del pensamiento espacial y combinatorio: posibilidades con recursos digitales y f\u00edsicos\u201d<\/td><td><strong><strong>Conferenc<\/strong>e &nbsp;<\/strong><br>Equipo GG Internacional <em>Melanie Tomaschko<\/em> &nbsp; \u201cGeoGebra Apps\u201d &nbsp; &nbsp;  &nbsp;<br> <em>Tanja Wassermair<\/em> &nbsp; \u201cMath Solver &amp; GeoGebra Classroom\u201d<br>\u201cGeoGebra Teaching Resources\u201d &nbsp; &nbsp;<\/td><td><br><\/td><\/tr><tr><td><strong>10,00<\/strong><\/td><td>&nbsp;<\/td><td>Communications<\/td><td>Communications<\/td><td>Communications<\/td><\/tr><tr><td><strong>11,00<\/strong><\/td><td>Accreditations<\/td><td>Communications<\/td><td>Communications<br>P\u00f3sters<br><br>GeoGebra Societies and Institutes Meeting<\/td><td><strong>Conferencia<\/strong> <em>Laura del R\u00edo<\/em> &nbsp; \u201cMicrojuegos a la GeoGebra\u201d<\/td><\/tr><tr><td><strong>12,00<\/strong><\/td><td>Accreditations<\/td><td>Pausa<\/td><td>Pausa<\/td><td>Pausa<\/td><\/tr><tr><td><strong>12,30<\/strong><\/td><td>Accreditations<\/td><td><strong><strong>Conferenc<\/strong>e &nbsp;<\/strong><br><em>Celina Aparecida Almeida Pereira Abar<\/em> &nbsp; \u201cUma formac\u00e3o continuada de professores para a utiliza\u00e7\u00e3o do GeoGebra Discovery no estudo da geometr\u00eda plana\u201d<\/td><td><strong><strong>Conferenc<\/strong>e <\/strong><br><br>Zsolt Lavicsa<br><em>\u00ab<\/em>Technological and Pedagogical Innovations to advance STEAM Education\u00bb<br><\/td><td><strong><strong>Conferenc<\/strong>e &nbsp;<\/strong><br><em>Rafael Losada Liste<\/em> &nbsp; \u201cGeoGebra Principia\u201d<\/td><\/tr><tr><td><strong>13,30<\/strong><\/td><td>&nbsp;<\/td><td>End of session<\/td><td>End of session<\/td><td>Closing<\/td><\/tr><tr><td><strong>16,00<\/strong><\/td><td>Opening<\/td><td><strong>Conferences<\/strong>: &nbsp;<br> <em>Karina Rizzo<\/em> &nbsp; \u201cFotoGebra como una oportunidad para abordar los retos en la ense\u00f1anza y aprendizaje de la matem\u00e1tica, en la era digital\u201d &nbsp; <em>Jos\u00e9 Luis Mu\u00f1oz Casado<\/em> &nbsp; \u201cExplorando la modelizaci\u00f3n matem\u00e1tica con GeoGebra\u201d<\/td><td><strong><strong>Conferences<\/strong><\/strong>: &nbsp; <br><em>Marco Vinicio V\u00e1squez Bernal<\/em> &nbsp; \u201cImpacto de GeoGebra en los procesos de ense\u00f1anza aprendizaje de Ecuador\u201d &nbsp; <em>Alexandre Emanuel da Silva Trocado<\/em> &nbsp; \u201cAplicaciones con Feedback autom\u00e1tico\u201d<\/td><td>&nbsp;<\/td><\/tr><tr><td><strong>17,00<\/strong><\/td><td><strong><strong>Conference<\/strong><\/strong><br><em>Fabi\u00e1n Vitabar<\/em> &nbsp; \u00abBeneficios y complicaciones did\u00e1cticas de GeoGebra y sus novedades\u00bb<\/td><td><em>Presentation of MATESGG and other FESPM projects<\/em><\/td><td><strong><strong>GeoGebra Discussion<\/strong><br><br><\/strong>Markus Hohenwarter<br>Laura del R\u00edo<br>Fabi\u00e1n Vitabar<br><\/td><td>&nbsp;<\/td><\/tr><tr><td><strong>18,00<\/strong><\/td><td><strong><strong>Conference<\/strong><\/strong><br><em>Jos\u00e9 Mu\u00f1oz Santonja<\/em> &nbsp; \u201cGeoGebra y el arte cibern\u00e9tico\u201d<\/td><td><strong><strong>Conference<\/strong><\/strong><br><em>Markus Hohenwarter<\/em> &nbsp; \u201cGeoGebra &#8211; The Present and the Future\u201d<\/td><td><strong><strong>Conference<\/strong><\/strong> <br><em>Jos\u00e9 Manuel dos Santos dos Santos<\/em> \u201cPensamento Computacional com o GeoGebra no Curr\u00edculo de Matem\u00e1tica\u201d<\/td><td>&nbsp;<\/td><\/tr><tr><td><strong>19,00<\/strong><\/td><td>End of session<\/td><td>End of session<\/td><td>End of session<\/td><td>&nbsp;<\/td><\/tr><\/tbody><\/table><\/figure>\n\n\n\n<p class=\"has-medium-font-size\"><strong>Proceedings<\/strong><\/p>\n\n\n\n<p><a href=\"https:\/\/congresogeogebra.org\/actas\/Actas%20I%20Congreso%20internacional%20GeoGebra%202023.pdf?customize_changeset_uuid=c7e0c0be-7cb1-44a1-8f08-07651321a81b&amp;customize_autosaved=on&amp;customize_messenger_channel=preview-3\">Proceedings of the 1st International GeoGebra Congress. Cordoba (Spain), 9-12 November 2023<\/a><\/p>\n\n\n\n<p class=\"has-medium-font-size\"><strong>Registration<\/strong><\/p>\n\n\n\n<p><strong>Registration Rules<\/strong><\/p>\n\n\n\n<p>To register it is necessary to complete a form\u00a0with all the data and make the payment of the registration fee using any of the available modalities.<\/p>\n\n\n\n<p>Registration fees are detailed according to the following periods and benefits are offered for members of the companies affiliated to the FESPM:<\/p>\n\n\n\n<figure class=\"wp-block-table\"><table><tbody><tr><td>Payment date<\/td><td>FESPM members<\/td><td>Non members<\/td><\/tr><tr><td>Until September 15, 2023<\/td><td>60 \u20ac<\/td><td>80 \u20ac<\/td><\/tr><tr><td>From September 16 to October 15, 2023&nbsp;<\/td><td>90 \u20ac<\/td><td>120 \u20ac<\/td><\/tr><tr><td>As of October 16, 2023&nbsp;<\/td><td>120 \u20ac<\/td><td>150 \u20ac<\/td><\/tr><\/tbody><\/table><\/figure>\n\n\n\n<p>To prove the membership of the FESPM you must indicate it when you register through the Web; With the data entered, the condition associated to the FESPM with the authorities of the respective company will be verified.<\/p>\n\n\n\n<p>Registration will not be refunded except for duly justified serious causes.<\/p>\n\n\n\n<p><\/p>\n\n\n\n<p class=\"has-medium-font-size\"><strong>Headquarters<\/strong><\/p>\n\n\n\n<p>The GeoGebra International Congress will be held at the Rector&#8217;s Office of the University of C\u00f3rdoba, located at Avenida de Medina Azahara, 5.<\/p>\n\n\n\n<p class=\"has-medium-font-size\"><strong>Visiting Cordoba<\/strong><\/p>\n\n\n\n<p>As the song by Medina Azahara says, \u00abC\u00f3rdoba arriving at day you make me fall in love, and at night you bewitch me alone<br>and with your magic you make me dream\u201d, so we hope that you fall in love, bewitch and make you dream during your stay in our congregation.<\/p>\n\n\n\n<p>We offer you some information hoping that you will find it useful to plan your visit.<\/p>\n\n\n\n<p><a href=\"https:\/\/www.turismodecordoba.org\/\">Cordoba Tourism<\/a><\/p>\n\n\n\n<p><a href=\"https:\/\/guias-viajar.com\/espana\/cordoba-visitas-imprescindibles\/\">What to see in Cordoba?<\/a><\/p>\n\n\n\n<p>And don\u2019t forget that another thing you can do is enjoy the tapas that C\u00f3rdoba offers in its bars and restaurants. For this activity we will prepare detailed information that we will give you at the time of your accreditation at the GeoGebra international congress.<\/p>\n\n\n\n<p class=\"has-medium-font-size\"><strong>How to get to Cordoba<\/strong><\/p>\n\n\n\n<p>C\u00f3rdoba is a destination open to the world, so it is well connected and you can travel by train and road or by plane arriving in Seville or Granada.<\/p>\n\n\n\n<p><strong>By plane<\/strong><\/p>\n\n\n\n<p>If you decide to fly to Seville, you will land at Seville Airport, also called San Pablo Airport. A first class airport in a city with a long aeronautical tradition. Not surprisingly, next to the Seville airport, there is one of the most important aeronautical complexes in Europe.<\/p>\n\n\n\n<p>From Seville airport you can get to the Santa Justa Station to take a high-speed train to go to C\u00f3rdoba. The train ride takes about 45 minutes. It is also possible to travel by bus from Seville.<\/p>\n\n\n\n<p><strong>By train<\/strong><\/p>\n\n\n\n<p>C\u00f3rdoba is a pioneer city in the development of high speed in Spain. In fact, it is located on the first high-speed rail line to be built in our country for the EXPO in 1992.<\/p>\n\n\n\n<p>You can currently get to C\u00f3rdoba Station on high-speed lines from different Spanish cities, the closest being Seville, Malaga, Granada and Madrid.<\/p>\n\n\n\n<p><strong>By car<\/strong><\/p>\n\n\n\n<p>C\u00f3rdoba is perfectly communicated by road. A network of motorways connects it from all cardinal points: the A-92 with Malaga and Granada, the A-4 with Seville and Madrid.<\/p>\n\n\n\n<p class=\"has-medium-font-size\"><strong>Sponsors<\/strong><\/p>\n\n\n\n<p class=\"has-medium-font-size\"><strong>Partners <\/strong><\/p>\n\n\n\n<div class=\"wp-block-group\"><div class=\"wp-block-group__inner-container\">\n<figure class=\"wp-block-table\"><table><tbody><tr><td><a href=\"http:\/\/www.educacionyfp.gob.es\/portada.html\" target=\"_blank\" rel=\"noopener noreferrer\"><img class=\"\" src=\"http:\/\/congresogeogebra.org\/wp-content\/uploads\/2020\/03\/logotipo-Ministerio-Educaci\u00f3n.png\"><\/a><\/td><td><a href=\"http:\/\/www.educacionyfp.gob.es\/portada.html\" target=\"_blank\" rel=\"noopener noreferrer\">Ministerio de Educaci\u00f3n y Formaci\u00f3n Profesional<\/a><\/td><td><a href=\"http:\/\/www.uco.es\" target=\"_blank\" rel=\"noopener noreferrer\"><img class=\"\" src=\"http:\/\/congresogeogebra.org\/wp-content\/uploads\/2023\/03\/uco.png\"><\/a><\/td><td><a href=\"http:\/\/www.uco.es\" target=\"_blank\" rel=\"noopener noreferrer\">Universidad de C\u00f3rdoba<\/a><\/td><\/tr><\/tbody><\/table><\/figure>\n<\/div><\/div>\n\n\n\n<p class=\"has-medium-font-size\"><strong>Sponsors<\/strong><\/p>\n\n\n\n<p><style>.page-header-content{background:transparent !important;vertical-align: bottom;}header.sabbi-page-header{min-height: 2.5vw !important;height: 2.5vw !important;}<\/style><\/p>\n<table class=\"tablapatrocinio\">\n<tbody>\n<tr>\n<td class=\"tdimagen\" width=\"20%\"><img loading=\"lazy\" class=\"alignnone size-medium wp-image-856\" src=\"http:\/\/congresogeogebra.org\/wp-content\/uploads\/2023\/03\/OEI_marca_rgb-300x195.png\" alt=\"\" width=\"300\" height=\"195\" srcset=\"https:\/\/congresogeogebra.org\/wp-content\/uploads\/2023\/03\/OEI_marca_rgb-300x195.png 300w, https:\/\/congresogeogebra.org\/wp-content\/uploads\/2023\/03\/OEI_marca_rgb-1024x665.png 1024w, https:\/\/congresogeogebra.org\/wp-content\/uploads\/2023\/03\/OEI_marca_rgb-768x499.png 768w, https:\/\/congresogeogebra.org\/wp-content\/uploads\/2023\/03\/OEI_marca_rgb-1536x998.png 1536w, https:\/\/congresogeogebra.org\/wp-content\/uploads\/2023\/03\/OEI_marca_rgb-2048x1331.png 2048w\" sizes=\"(max-width: 300px) 100vw, 300px\" \/><\/td>\n<td class=\"tdtitulo\"><a href=\"https:\/\/www.oei.es\/\" target=\"_blank\" rel=\"noopener noreferrer\">Organizaci\u00f3n de Estados Iberoamericanos (OEI)<\/a><\/td>\n<td class=\"tdimagen\"><img loading=\"lazy\" class=\"alignnone size-medium wp-image-857\" src=\"http:\/\/congresogeogebra.org\/wp-content\/uploads\/2023\/03\/logo_consejeria_2023-300x210.jpg\" alt=\"\" width=\"300\" height=\"210\" srcset=\"https:\/\/congresogeogebra.org\/wp-content\/uploads\/2023\/03\/logo_consejeria_2023-300x210.jpg 300w, https:\/\/congresogeogebra.org\/wp-content\/uploads\/2023\/03\/logo_consejeria_2023-1024x717.jpg 1024w, https:\/\/congresogeogebra.org\/wp-content\/uploads\/2023\/03\/logo_consejeria_2023-768x538.jpg 768w, https:\/\/congresogeogebra.org\/wp-content\/uploads\/2023\/03\/logo_consejeria_2023.jpg 1423w\" sizes=\"(max-width: 300px) 100vw, 300px\" \/><\/td>\n<td class=\"tdtitulo\"><a href=\"http:\/\/www.juntadeandalucia.es\/educacion\/portals\/web\/ced\" target=\"_blank\" rel=\"noopener noreferrer\">Consejer\u00eda de Desarrollo Educativo y Formaci\u00f3n Profesional de la Junta de Andaluc\u00eda<\/a><\/td>\n<\/tr>\n<tr>\n<td class=\"tdimagen\"><a href=\"www.fisem.org\" target=\"_blank\" rel=\"noopener noreferrer\"><img loading=\"lazy\" class=\"alignnone\" src=\"\/wp-content\/uploads\/2020\/01\/FISEM.png\" alt=\"\" width=\"427\" height=\"365\"><\/a><\/td>\n<td class=\"tdtitulo\"><a href=\"http:\/\/www.fisem.org\" target=\"_blank\" rel=\"noopener noreferrer\">Federaci\u00f3n Iberoamericana de Sociedades de Educaci\u00f3n Matem\u00e1tica<\/a><\/td>\n<td class=\"tdimagen\"><a href=\"https:\/\/thales.cica.es\/\" target=\"_blank\" rel=\"noopener noreferrer\"><img src=\"\/wp-content\/uploads\/2019\/12\/logoSAEMTHALES_1.png\"><\/a><\/td>\n<td class=\"tdtitulo\"><a href=\"https:\/\/thales.cica.es\/\" target=\"_blank\" rel=\"noopener noreferrer\">Sociedad Andaluza de Educaci\u00f3n Matem\u00e1tica THALES<\/a><\/td>\n<\/tr>\n<tr>\n<td class=\"tdimagen\"><a href=\"https:\/\/thales.cica.es\/geogebra\/\" target=\"_blank\" rel=\"noopener noreferrer\"><img src=\"\/wp-content\/uploads\/2019\/12\/GEOBRA-b.jpg\"><\/a><\/td>\n<td class=\"tdtitulo\"><a href=\"https:\/\/thales.cica.es\/geogebra\/\" target=\"_blank\" rel=\"noopener noreferrer\">Instituto GeoGebra de Andaluc\u00eda &#8211; SAEM THALES<\/a><\/td>\n<td class=\"tdimagen\"><img loading=\"lazy\" class=\"alignnone size-medium wp-image-1122\" src=\"http:\/\/congresogeogebra.org\/wp-content\/uploads\/2023\/09\/Logo-CEP-2019_transparente-1-300x300.png\" alt=\"\" width=\"300\" height=\"300\" srcset=\"https:\/\/congresogeogebra.org\/wp-content\/uploads\/2023\/09\/Logo-CEP-2019_transparente-1-300x300.png 300w, https:\/\/congresogeogebra.org\/wp-content\/uploads\/2023\/09\/Logo-CEP-2019_transparente-1-1024x1024.png 1024w, https:\/\/congresogeogebra.org\/wp-content\/uploads\/2023\/09\/Logo-CEP-2019_transparente-1-150x150.png 150w, https:\/\/congresogeogebra.org\/wp-content\/uploads\/2023\/09\/Logo-CEP-2019_transparente-1-768x768.png 768w, https:\/\/congresogeogebra.org\/wp-content\/uploads\/2023\/09\/Logo-CEP-2019_transparente-1-1536x1536.png 1536w, https:\/\/congresogeogebra.org\/wp-content\/uploads\/2023\/09\/Logo-CEP-2019_transparente-1.png 1713w\" sizes=\"(max-width: 300px) 100vw, 300px\" \/><\/td>\n<td class=\"tdtitulo\">Centro de Profesorado de C\u00f3rdoba<\/td>\n<\/tr>\n<tr>\n<td class=\"tdimagen\">&nbsp;<\/td>\n<td class=\"tdtitulo\">&nbsp;<\/td>\n<\/tr>\n<\/tbody>\n<\/table>\n","protected":false},"excerpt":{"rendered":"<p>Proceedings of the 1st International GeoGebra Congress GeoGebra, since its creation by&nbsp;Markus Hohenwarter, is known and used by millions of users worldwide who create and publish materials through the Web. In this&nbsp; international conference, new classroom experiences, tools and researchs on how to use it as a&nbsp; teaching resource at different educational levels and in [&hellip;]<\/p>\n","protected":false},"author":3,"featured_media":0,"parent":0,"menu_order":0,"comment_status":"closed","ping_status":"closed","template":"","meta":[],"_links":{"self":[{"href":"https:\/\/congresogeogebra.org\/index.php\/wp-json\/wp\/v2\/pages\/1332"}],"collection":[{"href":"https:\/\/congresogeogebra.org\/index.php\/wp-json\/wp\/v2\/pages"}],"about":[{"href":"https:\/\/congresogeogebra.org\/index.php\/wp-json\/wp\/v2\/types\/page"}],"author":[{"embeddable":true,"href":"https:\/\/congresogeogebra.org\/index.php\/wp-json\/wp\/v2\/users\/3"}],"replies":[{"embeddable":true,"href":"https:\/\/congresogeogebra.org\/index.php\/wp-json\/wp\/v2\/comments?post=1332"}],"version-history":[{"count":18,"href":"https:\/\/congresogeogebra.org\/index.php\/wp-json\/wp\/v2\/pages\/1332\/revisions"}],"predecessor-version":[{"id":1947,"href":"https:\/\/congresogeogebra.org\/index.php\/wp-json\/wp\/v2\/pages\/1332\/revisions\/1947"}],"wp:attachment":[{"href":"https:\/\/congresogeogebra.org\/index.php\/wp-json\/wp\/v2\/media?parent=1332"}],"curies":[{"name":"wp","href":"https:\/\/api.w.org\/{rel}","templated":true}]}}